
     {"id":121465,"date":"2024-09-12T17:09:19","date_gmt":"2024-09-12T20:09:19","guid":{"rendered":"https:\/\/www.manquecuranunoa.cl\/?page_id=121465"},"modified":"2026-03-25T15:49:26","modified_gmt":"2026-03-25T18:49:26","slug":"conocenos","status":"publish","type":"page","link":"https:\/\/www.manquecura.cl\/valle-lo-campino\/admision\/conocenos\/","title":{"rendered":"Con\u00f3cenos"},"content":{"rendered":"<div class=\"wpb-content-wrapper\"><p>[vc_row][vc_column]<section  class=\"bg-video-wrap hero section hero--centertext   \" style='background: url(https:\/\/www.manquecura.cl\/valle-lo-campino\/wp-content\/uploads\/sites\/40\/2025\/02\/Manquecura-162.jpg) center ;background-size:cover ;'>\n                <div class=\"bg-overlay\" style='background:#000000;opacity:0.3;'><\/div>\n                <div class=\"overlay\" >\n                  <div class=\"container-fluid\">\n                    <div class=\"row\">\n                      <div class=\"col-md-12 col-lg-12\">\n\n                        <div class=\"caption text-start\"><div class=\"component sub-heading\" >\n                              <h1 class=\"display-h1\">Con\u00f3cenos<\/h1>\n                            <\/div><\/div>\n                      <\/div>\n                    <\/div>\n                  <\/div>\n                <\/div>\n              <\/section><div class='row  m-x-0 breadcrumb-wrap ' style=''><div class='container-fluid' >\n                <nav aria-label='breadcrumb'><ol class=\"breadcrumb mt-3\">\n                  <li class=\"breadcrumb-item\"><a href=\"https:\/\/www.manquecura.cl\/valle-lo-campino\">Home<\/a><\/li>\n                  <li class=\"breadcrumb-item active\" aria-current=\"page\"><a href=\"https:\/\/www.manquecura.cl\/valle-lo-campino\/admision\/\">Admisi\u00f3n<\/a><\/li>\n                  <li class=\"breadcrumb-item active\" aria-current=\"page\">Con\u00f3cenos<\/li>\n                <\/ol>\n              <\/nav>\n              <\/div>\n            <\/div>[\/vc_column][\/vc_row][vc_row][vc_column]\n            <div class=\"wrapper\">\n    <section  style='' class=\"section    container-width    \" ><div class=\"container-fluid\"><div class=\"row  justify-content-between  \"><div class=\" col-lg-6 col-md-6      \" ><div class=\"component mb-1 mt-0  radius-bottom-LR \" style='px'><div class=\"sub-heading component\"><h2  class=\"h6  \">Descubre lo que te ofrece el Colegio Manquecura Valle Lo Campino<\/h2><\/div>\n                        <div class=\"sub-heading component \">\n                        <p class=\"body-medium\"><b>Ofrecemos diferentes formas de conocer nuestro colegio. Tenemos visitas privadas, reuniones virtuales y nuestros Open Day.<\/b><br \/>\n<br \/>\nUnirse al Colegio Manquecura Valle Lo Campino es formar parte de una comunidad escolar que Incentiva una visi\u00f3n global a nuestros estudiantes, dentro de una cultura de salvaguarda y de seguridad para todo el entorno escolar. <br \/>\n<br \/>\nCon el acompa\u00f1amiento de profesores e instalaciones excepcionales y el apoyo de la tecnolog\u00eda en el proceso de aprendizaje, ayudaremos a tu hijo a llegar a su m\u00e1ximo potencial y prepararle para las exigencias de un mundo en constante cambio.<\/p>\n                        <\/div><\/div><\/div>\n                    <div class=\"col-lg-5 col-md-6    \"><div class=\"component single-img \"><div class=\"ratio ratio-1x1 callout-img halfcol--img image_overlay_4560\" style=\"background-image: url(https:\/\/www.manquecura.cl\/valle-lo-campino\/wp-content\/uploads\/sites\/40\/2025\/02\/Manquecura-Nunoa-8.jpg);\"><\/div><\/div> <\/div>\n             <\/div>\n        <\/div>\n<\/section>\n            <\/div>[\/vc_column][\/vc_row][vc_row css=&#8221;.vc_custom_1732709222739{background-position: center !important;background-repeat: no-repeat !important;background-size: cover !important;}&#8221; el_class=&#8221;linear-gradient-primary&#8221; el_id=&#8221;openday&#8221;][vc_column]<div class=\"wrapper\"><section  id=\"Open Day\"  class=\"section   container-width  section--blue \" style=''><div class=\"container-fluid \"><div class=\"row m-x-0\"><div class=\"col-lg-12\"><div class=\"component title\">\n                            <p class=\"body-small\">Conozca nuestro colegio mientras tus hijos se divierten<\/p>\n                        <\/div>        <div class=\"sub-heading component mt-0 mb-4\">\n                                                <h1 class=\"h6\">Acomp\u00e1\u00f1anos en un Open Day<\/h1>\n                                            <\/div>   <\/div>\n                <\/div><div class=\"row m-x-0 justify-content-between\">\n                    <div class=\"col-xl-6 col-lg-6 col-md-6\"><div class=\"sub-heading component\">\n                            <p class=\"body-medium\">Vis\u00edtenos en nuestros Open Days y descubra c\u00f3mo combinamos excelencia acad\u00e9mica, aprendizaje del ingl\u00e9s, perspectiva global y un ambiente seguro.  <\/p>\n                         <\/div><div class=\"sub-heading component\">\n                            <p class=\"body-medium\">Nuestros Open Days combinan diversi\u00f3n y aprendizaje en un ambiente seguro y acogedor.  <\/p>\n                         <\/div><div class=\"sub-heading component\">\n                            <p class=\"body-medium\">Una experiencia \u00fanica para usted y sus peque\u00f1os. \u00a1Lo esperamos! <\/p>\n                         <\/div><div class=\"component link\"><\/div>    <\/div><div class=\"col-lg-6 col-md-6\"><div class=\"component IconWithText-list\">\n                    <div class=\"card\">               <div class=\"card-header section--blue-card\">\n                            <div class=\"sub-heading component mb-0\">\n                                <p class=\"body-large-bold\">Save the date!<\/p>\n                            <\/div>\n                        <\/div>               <div class=\"card-body section--white\">\n                            <div class=\"component list list--IconWithText-list bordered--icon blue-icon\">\n                                <ul>                           <li><div class=\"component icon\"><i class=\"fas fa-calendar-alt\"><\/i><\/div> <div class=\"component link\"> <p class=\"body-small-bold p-0\">Pr\u00f3ximamente confirmaremos nuevas fechas de Open Days!<\/p><\/div>                           <\/li>                        <\/ul>\n                            <\/div>\n                        <\/div>           <\/div>\n\n                <\/div><\/div><\/div>  <div class=\"row m-0 justify-content-between\">\n            <div class=\"col-xl-12 col-lg-12 col-md-12 mt-3\">   <\/div>\n        <\/div><\/div><\/section><\/div>[\/vc_column][\/vc_row][vc_row css=&#8221;.vc_custom_1732709264079{background-color: #E9F0F5 !important;}&#8221; el_id=&#8221;charlas&#8221;][vc_column]<div class=\"wrapper\"><section  class=\"section   container-width  section--white \" style=''><div class=\"container-fluid \"><div class=\"row m-x-0\"><div class=\"col-lg-12\"><div class=\"component title\">\n                            <p class=\"body-small\">Conozca nuestro proyecto<\/p>\n                        <\/div>        <div class=\"sub-heading component mt-0 mb-4\">\n                                                <h3 class=\"h6\">Charlas de Admisi\u00f3n<\/h3>\n                                            <\/div>   <\/div>\n                <\/div><div class=\"row m-x-0 justify-content-between\">\n                    <div class=\"col-xl-6 col-lg-6 col-md-6\"><div class=\"sub-heading component\">\n                            <p class=\"body-medium\">Los invitamos a participar en una charla especial, liderada por nuestra rectora, donde podr\u00e1 conocer en profundidad el proyecto educativo del Colegio Manquecura Valle Lo Campino. Durante este encuentro, compartiremos nuestra visi\u00f3n, valores y el sello que nos define como una comunidad educativa comprometida con la excelencia y el desarrollo integral de nuestros estudiantes. <\/p>\n                         <\/div><div class=\"sub-heading component\">\n                            <p class=\"body-medium\">Descubra c\u00f3mo educamos de manera hol\u00edstica, integrando aprendizajes acad\u00e9micos de alto nivel, un enfoque intensivo en el idioma ingl\u00e9s, perspectiva global, el uso estrat\u00e9gico de la tecnolog\u00eda y nuestro Safeguarding Culture que prioriza la seguridad y el bienestar de todos. Esta charla ser\u00e1 una oportunidad para resolver sus inquietudes y conocer c\u00f3mo preparamos a nuestros alumnos para enfrentar los desaf\u00edos de un mundo en constante cambio.\n <\/p>\n                         <\/div><div class=\"sub-heading component\">\n                            <p class=\"body-medium\">Nos gustar\u00eda encontrarnos con usted en alguna de nuestras pr\u00f3ximas charlas. \u00a1Lo esperamos! <\/p>\n                         <\/div><div class=\"component link\"><\/div>    <\/div><div class=\"col-lg-6 col-md-6\"><div class=\"component IconWithText-list\">\n                    <div class=\"card\">               <div class=\"card-header section--blue-card\">\n                            <div class=\"sub-heading component mb-0\">\n                                <p class=\"body-large-bold\">Fechas de Charlas de Admisi\u00f3n<\/p>\n                            <\/div>\n                        <\/div>               <div class=\"card-body section--white\">\n                            <div class=\"component list list--IconWithText-list bordered--icon blue-icon\">\n                                <ul>                           <li><div class=\"component icon\"><i class=\"fas fa-calendar-alt\"><\/i><\/div> <div class=\"component link\"> <p class=\"body-small-bold p-0\">Pr\u00f3ximamente confirmaremos nuevas fechas de nuestras Charlas!<\/p><\/div>                           <\/li>                            <li><div class=\"component icon\"><i class=\"fas fa-calendar-alt\"><\/i><\/div> <div class=\"component link\"> <p class=\"body-small-bold p-0\">Pr\u00f3ximamente confirmaremos nuevas fechas de Nuestras Charlas!<\/p><\/div>                           <\/li>                        <\/ul>\n                            <\/div>\n                        <\/div>           <\/div>\n\n                <\/div><\/div><\/div>  <div class=\"row m-0 justify-content-between\">\n            <div class=\"col-xl-12 col-lg-12 col-md-12 mt-3\">   <\/div>\n        <\/div><\/div><\/section><\/div>[\/vc_column][\/vc_row][vc_row el_id=&#8221;pilares-fudamentales&#8221; el_class=&#8221;no-modal-list&#8221; css=&#8221;.vc_custom_1737465676291{background-color: #022E55 !important;}&#8221;][vc_column css=&#8221;.vc_custom_1737465612893{background-color: #022E55 !important;}&#8221;]<div class=\"wrapper \" ><section  class=\"section    section--blue \" style=''>\n    <div class=\"container-fluid \">\n        <div class=\"row m-0 centerText\">\n            \n<div class=\"col-sm-12 col-md-12 col-lg-10 col-xl-8 mx-auto\">       <div class=\"component\">\n                    <h2 class=\"h5\">Nuestros Pilares Fundamentales\n                    <\/h2>\n                <\/div>     <\/div><div class=\"col-sm-12 col-md-7 col-lg-6 col-xl-5 mx-auto\">        <div class=\"component link\"><\/div>\n            <\/div>\n        <\/div>\n    <\/div>\n<\/section><section class=\"section cards--section pt-0   section--blue \" style=''>\n                <div class=\"container-fluid \">\n                    <div class=\"row m-0\"><div class=\"col-sm-12 col-md-6 col-lg-4\">\n                            <div class=\"card horizontal--card horizontal--card-sm img--100 mb-3\">\n                                <div class=\"row m-0 g-0\">                         <div class=\"col-5 col-md-5 col-lg-5\">\n                                    <div class=\"thumbnail_img_overlay_8527\"> <img decoding=\"async\" src=\"https:\/\/www.manquecura.cl\/valle-lo-campino\/wp-content\/uploads\/sites\/40\/2025\/02\/Manquecura-Nunoa-141.jpg\" class=\"img-fluid rounded-start\" alt=\"...\"><\/div>\n                                  <\/div>                        <div class=\"col-7 col-md-7 col-lg-7\">\n                                    <div class=\"card-body\">\n                                        <div class=\"component\" data-bs-toggle=\"modal\" data-bs-target=\"#classmodal4648\">\n                                           <a href=\"\" class=\"body-large-bold\">Perspectiva Global<\/a>\n                                        <\/div>\n                                        <div class=\"component m-0\"><\/div>                              <div class=\"modal-overlay sm--modal link\" data-bs-toggle=\"modal\" data-bs-target=\"#classmodal4648\">\n                                            <button class=\"btn btn-link\" title=\"Student journey popup link\"><i class=\"fa fa-plus\"><\/i><\/button>\n                                        <\/div>                           <\/div>\n                                  <\/div>\n                                <\/div>\n                            <\/div>\n                        <\/div><div class=\"col-sm-12 col-md-6 col-lg-4\">\n                            <div class=\"card horizontal--card horizontal--card-sm img--100 mb-3\">\n                                <div class=\"row m-0 g-0\">                         <div class=\"col-5 col-md-5 col-lg-5\">\n                                    <div class=\"thumbnail_img_overlay_4112\"> <img decoding=\"async\" src=\"https:\/\/www.manquecura.cl\/valle-lo-campino\/wp-content\/uploads\/sites\/40\/2025\/02\/Captura-de-pantalla-2024-11-05-a-las-10.00.59.png\" class=\"img-fluid rounded-start\" alt=\"...\"><\/div>\n                                  <\/div>                        <div class=\"col-7 col-md-7 col-lg-7\">\n                                    <div class=\"card-body\">\n                                        <div class=\"component\" data-bs-toggle=\"modal\" data-bs-target=\"#classmodal7905\">\n                                           <a href=\"\" class=\"body-large-bold\">Ingl\u00e9s Intensivo<\/a>\n                                        <\/div>\n                                        <div class=\"component m-0\"><\/div>                              <div class=\"modal-overlay sm--modal link\" data-bs-toggle=\"modal\" data-bs-target=\"#classmodal7905\">\n                                            <button class=\"btn btn-link\" title=\"Student journey popup link\"><i class=\"fa fa-plus\"><\/i><\/button>\n                                        <\/div>                           <\/div>\n                                  <\/div>\n                                <\/div>\n                            <\/div>\n                        <\/div><div class=\"col-sm-12 col-md-6 col-lg-4\">\n                            <div class=\"card horizontal--card horizontal--card-sm img--100 mb-3\">\n                                <div class=\"row m-0 g-0\">                         <div class=\"col-5 col-md-5 col-lg-5\">\n                                    <div class=\"thumbnail_img_overlay_2265\"> <img decoding=\"async\" src=\"https:\/\/www.manquecura.cl\/valle-lo-campino\/wp-content\/uploads\/sites\/40\/2025\/02\/Manquecura-108.jpg\" class=\"img-fluid rounded-start\" alt=\"...\"><\/div>\n                                  <\/div>                        <div class=\"col-7 col-md-7 col-lg-7\">\n                                    <div class=\"card-body\">\n                                        <div class=\"component\" data-bs-toggle=\"modal\" data-bs-target=\"#classmodal3275\">\n                                           <a href=\"\" class=\"body-large-bold\">Aprendizaje Digital<\/a>\n                                        <\/div>\n                                        <div class=\"component m-0\"><\/div>                              <div class=\"modal-overlay sm--modal link\" data-bs-toggle=\"modal\" data-bs-target=\"#classmodal3275\">\n                                            <button class=\"btn btn-link\" title=\"Student journey popup link\"><i class=\"fa fa-plus\"><\/i><\/button>\n                                        <\/div>                           <\/div>\n                                  <\/div>\n                                <\/div>\n                            <\/div>\n                        <\/div><div class=\"col-sm-12 col-md-6 col-lg-4\">\n                            <div class=\"card horizontal--card horizontal--card-sm img--100 mb-3\">\n                                <div class=\"row m-0 g-0\">                         <div class=\"col-5 col-md-5 col-lg-5\">\n                                    <div class=\"thumbnail_img_overlay_6306\"> <img decoding=\"async\" src=\"https:\/\/www.manquecura.cl\/valle-lo-campino\/wp-content\/uploads\/sites\/40\/2025\/02\/Manquecura-179-1.jpg\" class=\"img-fluid rounded-start\" alt=\"...\"><\/div>\n                                  <\/div>                        <div class=\"col-7 col-md-7 col-lg-7\">\n                                    <div class=\"card-body\">\n                                        <div class=\"component\" data-bs-toggle=\"modal\" data-bs-target=\"#classmodal4481\">\n                                           <a href=\"\" class=\"body-large-bold\">Salvaguarda<\/a>\n                                        <\/div>\n                                        <div class=\"component m-0\"><\/div>                              <div class=\"modal-overlay sm--modal link\" data-bs-toggle=\"modal\" data-bs-target=\"#classmodal4481\">\n                                            <button class=\"btn btn-link\" title=\"Student journey popup link\"><i class=\"fa fa-plus\"><\/i><\/button>\n                                        <\/div>                           <\/div>\n                                  <\/div>\n                                <\/div>\n                            <\/div>\n                        <\/div><div class=\"col-sm-12 col-md-6 col-lg-4\">\n                            <div class=\"card horizontal--card horizontal--card-sm img--100 mb-3\">\n                                <div class=\"row m-0 g-0\">                         <div class=\"col-5 col-md-5 col-lg-5\">\n                                    <div class=\"thumbnail_img_overlay_5458\"> <img decoding=\"async\" src=\"https:\/\/www.manquecura.cl\/valle-lo-campino\/wp-content\/uploads\/sites\/40\/2025\/02\/Manquecura-Nunoa-41.jpg\" class=\"img-fluid rounded-start\" alt=\"...\"><\/div>\n                                  <\/div>                        <div class=\"col-7 col-md-7 col-lg-7\">\n                                    <div class=\"card-body\">\n                                        <div class=\"component\" data-bs-toggle=\"modal\" data-bs-target=\"#classmodal5687\">\n                                           <a href=\"\" class=\"body-large-bold\">Formaci\u00f3n Hol\u00edstica<\/a>\n                                        <\/div>\n                                        <div class=\"component m-0\"><\/div>                              <div class=\"modal-overlay sm--modal link\" data-bs-toggle=\"modal\" data-bs-target=\"#classmodal5687\">\n                                            <button class=\"btn btn-link\" title=\"Student journey popup link\"><i class=\"fa fa-plus\"><\/i><\/button>\n                                        <\/div>                           <\/div>\n                                  <\/div>\n                                <\/div>\n                            <\/div>\n                        <\/div>          <\/div>\n                <\/div>\n            <\/section><\/div><div class=\"modal fade booking-modal extra--padding mob-P-0 show\" id=\"classmodal4648\" data-bs-backdrop=\"static\" data-bs-keyboard=\"false\" tabindex=\"-1\" aria-labelledby=\"staticBackdropLabel\" style=\"display: none;\" aria-modal=\"true\" role=\"dialog\">\n                                    <div class=\"modal-dialog modal-lg\">\n                                    <div class=\"modal-content section--white\">\n                                        <div class=\"modal-body\">\n                                            <button type=\"button\" class=\"btn-close\" data-bs-dismiss=\"modal\" aria-label=\"Close\"><i class=\"fa fa-times\"><\/i><\/button>\n                                            <div class=\"row m-0\">\n                                                <div class=\"col-md-6 col-lg-6 order-2 order-md-1 px-3 px-md-0 pt-4 pt-md-0\">\n                                                    <div class=\"col-md-12 col-lg-12\">\n                                                        <div class=\"component link\"><a href=\"\/valle-lo-campino\/perspectiva-global\/\" class=\"highlights__link btn btn-primary\">Perspectiva Global<\/a>                  <\/div>\n                                                        <div class=\"sub-heading component mt-0\">               <\/div>\n                                                    <\/div>           <div class=\"component list p-0\">\n                                                        <ul class=\"\">                       <li>Formamos ciudadanos globales. Nuestro colegio ofrece una educaci\u00f3n que va m\u00e1s all\u00e1 de las fronteras, desarrollando habilidades como investigaci\u00f3n, reflexi\u00f3n y comunicaci\u00f3n. <\/li>                       <li>Entregamos a nuestros estudiantes las herramientas necesarias para enfrentar los desaf\u00edos del mundo actual. A trav\u00e9s de experiencias internacionales, fomentamos la empat\u00eda y la comprensi\u00f3n intercultural, preparando a nuestros alumnos para un futuro exitoso. <\/li>                       <li>\u00a1Transformamos la educaci\u00f3n en una ventana al mundo! <\/li>        <\/ul>\n                                                    <\/div>\n                                                    <div class=\"component link pt-3\">           <\/div>\n                                                <\/div>\n                                                <div class=\"col-md-6 col-lg-6 order-1 order-md-2 p-0 p-md-3\">\n                                                    <div class=\"img-sec\">\n                                                        <div class=\"component\">\n                                                            <div class=\"modal_image_ite3022 callout-img map--img leftBottom-content\" style=\"background-image: url(https:\/\/www.manquecura.cl\/valle-lo-campino\/wp-content\/uploads\/sites\/40\/2025\/02\/Manquecura-Nunoa-56.jpg);background-position:center;\">\n                                                            <\/div>\n                                                            <\/div>\n                                                        <\/div>\n                                                        \n                                                    <\/div>\n                                                <\/div>\n                                            <\/div>\n\n                                            \n                                        <\/div>\n                                    <\/div>\n                                    <\/div><div class=\"modal fade booking-modal extra--padding mob-P-0 show\" id=\"classmodal7905\" data-bs-backdrop=\"static\" data-bs-keyboard=\"false\" tabindex=\"-1\" aria-labelledby=\"staticBackdropLabel\" style=\"display: none;\" aria-modal=\"true\" role=\"dialog\">\n                                    <div class=\"modal-dialog modal-lg\">\n                                    <div class=\"modal-content section--white\">\n                                        <div class=\"modal-body\">\n                                            <button type=\"button\" class=\"btn-close\" data-bs-dismiss=\"modal\" aria-label=\"Close\"><i class=\"fa fa-times\"><\/i><\/button>\n                                            <div class=\"row m-0\">\n                                                <div class=\"col-md-6 col-lg-6 order-2 order-md-1 px-3 px-md-0 pt-4 pt-md-0\">\n                                                    <div class=\"col-md-12 col-lg-12\">\n                                                        <div class=\"component link\"><a href=\"\/valle-lo-campino\/ingles-intensivo\/\" class=\"highlights__link btn btn-primary\">Ingl\u00e9s Intensivo<\/a>                  <\/div>\n                                                        <div class=\"sub-heading component mt-0\">               <\/div>\n                                                    <\/div>           <div class=\"component list p-0\">\n                                                        <ul class=\"single-list\">                       <li>Aprendizaje intensivo de ingl\u00e9s desde Jard\u00edn Infantil, en el que se desarrollan las cuatro habilidades ling\u00fc\u00edsticas (escuchar, hablar, leer, escribir), con m\u00e1s horas de clase y profesores altamente capacitados, nuestros estudiantes alcanzan altos niveles de competencia en el idioma, prepar\u00e1ndolos para el futuro. <\/li>        <\/ul>\n                                                    <\/div>\n                                                    <div class=\"component link pt-3\">           <\/div>\n                                                <\/div>\n                                                <div class=\"col-md-6 col-lg-6 order-1 order-md-2 p-0 p-md-3\">\n                                                    <div class=\"img-sec\">\n                                                        <div class=\"component\">\n                                                            <div class=\"modal_image_ite7147 callout-img map--img leftBottom-content\" style=\"background-image: url(https:\/\/www.manquecura.cl\/valle-lo-campino\/wp-content\/uploads\/sites\/40\/2025\/02\/Manquecura-233.jpg);background-position:center;\">\n                                                            <\/div>\n                                                            <\/div>\n                                                        <\/div>\n                                                        \n                                                    <\/div>\n                                                <\/div>\n                                            <\/div>\n\n                                            \n                                        <\/div>\n                                    <\/div>\n                                    <\/div><div class=\"modal fade booking-modal extra--padding mob-P-0 show\" id=\"classmodal3275\" data-bs-backdrop=\"static\" data-bs-keyboard=\"false\" tabindex=\"-1\" aria-labelledby=\"staticBackdropLabel\" style=\"display: none;\" aria-modal=\"true\" role=\"dialog\">\n                                    <div class=\"modal-dialog modal-lg\">\n                                    <div class=\"modal-content section--white\">\n                                        <div class=\"modal-body\">\n                                            <button type=\"button\" class=\"btn-close\" data-bs-dismiss=\"modal\" aria-label=\"Close\"><i class=\"fa fa-times\"><\/i><\/button>\n                                            <div class=\"row m-0\">\n                                                <div class=\"col-md-6 col-lg-6 order-2 order-md-1 px-3 px-md-0 pt-4 pt-md-0\">\n                                                    <div class=\"col-md-12 col-lg-12\">\n                                                        <div class=\"component link\"><a href=\"\/valle-lo-campino\/aprendizaje-digital\/\" class=\"highlights__link btn btn-primary\">Aprendizaje Digital<\/a>                  <\/div>\n                                                        <div class=\"sub-heading component mt-0\">               <\/div>\n                                                    <\/div>           <div class=\"component list p-0\">\n                                                        <ul class=\"\">                       <li>Preparamos a nuestros estudiantes para un mundo digital. Con nuestra estrategia de \"Aprendizaje Digital\", nuestros estudiantes aprenden a utilizar la tecnolog\u00eda de manera efectiva. <\/li>                       <li>Con docentes expertos y un enfoque innovador, cultivamos el pensamiento cr\u00edtico y la creatividad, transformando el aula en un espacio de innovaci\u00f3n y aprendizaje. <\/li>        <\/ul>\n                                                    <\/div>\n                                                    <div class=\"component link pt-3\">           <\/div>\n                                                <\/div>\n                                                <div class=\"col-md-6 col-lg-6 order-1 order-md-2 p-0 p-md-3\">\n                                                    <div class=\"img-sec\">\n                                                        <div class=\"component\">\n                                                            <div class=\"modal_image_ite5747 callout-img map--img leftBottom-content\" style=\"background-image: url(https:\/\/www.manquecura.cl\/valle-lo-campino\/wp-content\/uploads\/sites\/40\/2025\/02\/Manquecura-131-1.jpg);background-position:left;\">\n                                                            <\/div>\n                                                            <\/div>\n                                                        <\/div>\n                                                        \n                                                    <\/div>\n                                                <\/div>\n                                            <\/div>\n\n                                            \n                                        <\/div>\n                                    <\/div>\n                                    <\/div><div class=\"modal fade booking-modal extra--padding mob-P-0 show\" id=\"classmodal4481\" data-bs-backdrop=\"static\" data-bs-keyboard=\"false\" tabindex=\"-1\" aria-labelledby=\"staticBackdropLabel\" style=\"display: none;\" aria-modal=\"true\" role=\"dialog\">\n                                    <div class=\"modal-dialog modal-lg\">\n                                    <div class=\"modal-content section--white\">\n                                        <div class=\"modal-body\">\n                                            <button type=\"button\" class=\"btn-close\" data-bs-dismiss=\"modal\" aria-label=\"Close\"><i class=\"fa fa-times\"><\/i><\/button>\n                                            <div class=\"row m-0\">\n                                                <div class=\"col-md-6 col-lg-6 order-2 order-md-1 px-3 px-md-0 pt-4 pt-md-0\">\n                                                    <div class=\"col-md-12 col-lg-12\">\n                                                        <div class=\"component link\"><a href=\"\/valle-lo-campino\/safeguarding\/\" class=\"highlights__link btn btn-primary\">Salvaguarda<\/a>                  <\/div>\n                                                        <div class=\"sub-heading component mt-0\">               <\/div>\n                                                    <\/div>           <div class=\"component list p-0\">\n                                                        <ul class=\"\">                       <li>Nuestro compromiso con el bienestar de los estudiantes y la Cultura de Salvaguarda es nuestra prioridad. Promovemos un ambiente seguro, confianza y saludable, donde los estudiantes se sienten protegidos, con protocolos claros para proteger a nuestros alumnos. <\/li>                       <li>A trav\u00e9s de capacitaciones y protocolos, garantizamos el bienestar de toda nuestra comunidad educativa. <\/li>        <\/ul>\n                                                    <\/div>\n                                                    <div class=\"component link pt-3\">           <\/div>\n                                                <\/div>\n                                                <div class=\"col-md-6 col-lg-6 order-1 order-md-2 p-0 p-md-3\">\n                                                    <div class=\"img-sec\">\n                                                        <div class=\"component\">\n                                                            <div class=\"modal_image_ite1263 callout-img map--img leftBottom-content\" style=\"background-image: url(https:\/\/www.manquecura.cl\/valle-lo-campino\/wp-content\/uploads\/sites\/40\/2025\/02\/Manquecura-Nunoa-3.jpg);background-position:center;\">\n                                                            <\/div>\n                                                            <\/div>\n                                                        <\/div>\n                                                        \n                                                    <\/div>\n                                                <\/div>\n                                            <\/div>\n\n                                            \n                                        <\/div>\n                                    <\/div>\n                                    <\/div><div class=\"modal fade booking-modal extra--padding mob-P-0 show\" id=\"classmodal5687\" data-bs-backdrop=\"static\" data-bs-keyboard=\"false\" tabindex=\"-1\" aria-labelledby=\"staticBackdropLabel\" style=\"display: none;\" aria-modal=\"true\" role=\"dialog\">\n                                    <div class=\"modal-dialog modal-lg\">\n                                    <div class=\"modal-content section--white\">\n                                        <div class=\"modal-body\">\n                                            <button type=\"button\" class=\"btn-close\" data-bs-dismiss=\"modal\" aria-label=\"Close\"><i class=\"fa fa-times\"><\/i><\/button>\n                                            <div class=\"row m-0\">\n                                                <div class=\"col-md-6 col-lg-6 order-2 order-md-1 px-3 px-md-0 pt-4 pt-md-0\">\n                                                    <div class=\"col-md-12 col-lg-12\">\n                                                        <div class=\"component link\"><a href=\"\/valle-lo-campino\/formacion-holistica\/\" class=\"highlights__link btn btn-primary\">Formaci\u00f3n Hol\u00edstica<\/a>                  <\/div>\n                                                        <div class=\"sub-heading component mt-0\">               <\/div>\n                                                    <\/div>           <div class=\"component list p-0\">\n                                                        <ul class=\"\">                       <li>Es un enfoque educativo que busca promover el desarrollo integral de los estudiantes, atendiendo no s\u00f3lo a los aspectos cognitivos o intelectuales, sino tambi\u00e9n a lo emocional, social, f\u00edsico y espiritual. <\/li>                       <li>En nuestros colegios preparamos a nuestros estudiantes, en sus m\u00faltiples dimensiones, para que puedan alcanzar su m\u00e1ximo potencial y prosperar en un mundo en constante cambio, a trav\u00e9s de diferentes programas formativos.  <\/li>        <\/ul>\n                                                    <\/div>\n                                                    <div class=\"component link pt-3\">           <\/div>\n                                                <\/div>\n                                                <div class=\"col-md-6 col-lg-6 order-1 order-md-2 p-0 p-md-3\">\n                                                    <div class=\"img-sec\">\n                                                        <div class=\"component\">\n                                                            <div class=\"modal_image_ite9112 callout-img map--img leftBottom-content\" style=\"background-image: url(https:\/\/www.manquecura.cl\/valle-lo-campino\/wp-content\/uploads\/sites\/40\/2025\/02\/Manquecura-Nunoa-137.jpg);background-position:center;\">\n                                                            <\/div>\n                                                            <\/div>\n                                                        <\/div>\n                                                        \n                                                    <\/div>\n                                                <\/div>\n                                            <\/div>\n\n                                            \n                                        <\/div>\n                                    <\/div>\n                                    <\/div>[\/vc_column][\/vc_row][vc_row css=&#8221;.vc_custom_1739372250828{margin-top: 5px !important;background-position: center !important;background-repeat: no-repeat !important;background-size: cover !important;}&#8221; el_id=&#8221;programas-sello&#8221; el_class=&#8221;no-modal-list&#8221;][vc_column]<div class=\"wrapper \" ><section  class=\"section   no-modal-list section--grey \" style=''>\n    <div class=\"container-fluid \">\n        <div class=\"row m-0 centerText\">\n            \n<div class=\"col-sm-12 col-md-12 col-lg-10 col-xl-8 mx-auto\">       <div class=\"component\">\n                    <h6 class=\"h5\">Programas Sello\n                    <\/h6>\n                <\/div>     <\/div><div class=\"col-sm-12 col-md-7 col-lg-6 col-xl-5 mx-auto\">        <div class=\"component link\"><\/div>\n            <\/div>\n        <\/div>\n    <\/div>\n<\/section><section class=\"section cards--section pt-0  no-modal-list section--grey \" style=''>\n                <div class=\"container-fluid \">\n                    <div class=\"row m-0\"><div class=\"col-sm-12 col-md-6 col-lg-4\">\n                            <div class=\"card horizontal--card horizontal--card-sm img--100 mb-3\">\n                                <div class=\"row m-0 g-0\">                         <div class=\"col-5 col-md-5 col-lg-5\">\n                                    <div class=\"thumbnail_img_overlay_7731\"> <img decoding=\"async\" src=\"https:\/\/www.manquecura.cl\/valle-lo-campino\/wp-content\/uploads\/sites\/40\/2025\/02\/4.svg\" class=\"img-fluid rounded-start\" alt=\"...\"><\/div>\n                                  <\/div>                        <div class=\"col-7 col-md-7 col-lg-7\">\n                                    <div class=\"card-body\">\n                                        <div class=\"component\" data-bs-toggle=\"modal\" data-bs-target=\"#classmodal8762\">\n                                           <a href=\"\" class=\"body-large-bold\">Seguridad Vial<\/a>\n                                        <\/div>\n                                        <div class=\"component m-0\"><\/div>                              <div class=\"modal-overlay sm--modal link\" data-bs-toggle=\"modal\" data-bs-target=\"#classmodal8762\">\n                                            <button class=\"btn btn-link\" title=\"Student journey popup link\"><i class=\"fa fa-plus\"><\/i><\/button>\n                                        <\/div>                           <\/div>\n                                  <\/div>\n                                <\/div>\n                            <\/div>\n                        <\/div><div class=\"col-sm-12 col-md-6 col-lg-4\">\n                            <div class=\"card horizontal--card horizontal--card-sm img--100 mb-3\">\n                                <div class=\"row m-0 g-0\">                         <div class=\"col-5 col-md-5 col-lg-5\">\n                                    <div class=\"thumbnail_img_overlay_6809\"> <img decoding=\"async\" src=\"https:\/\/www.manquecura.cl\/valle-lo-campino\/wp-content\/uploads\/sites\/40\/2025\/02\/1.svg\" class=\"img-fluid rounded-start\" alt=\"...\"><\/div>\n                                  <\/div>                        <div class=\"col-7 col-md-7 col-lg-7\">\n                                    <div class=\"card-body\">\n                                        <div class=\"component\" data-bs-toggle=\"modal\" data-bs-target=\"#classmodal8775\">\n                                           <a href=\"\" class=\"body-large-bold\">Nutrici\u00f3n y Vida Saludable<\/a>\n                                        <\/div>\n                                        <div class=\"component m-0\"><\/div>                              <div class=\"modal-overlay sm--modal link\" data-bs-toggle=\"modal\" data-bs-target=\"#classmodal8775\">\n                                            <button class=\"btn btn-link\" title=\"Student journey popup link\"><i class=\"fa fa-plus\"><\/i><\/button>\n                                        <\/div>                           <\/div>\n                                  <\/div>\n                                <\/div>\n                            <\/div>\n                        <\/div><div class=\"col-sm-12 col-md-6 col-lg-4\">\n                            <div class=\"card horizontal--card horizontal--card-sm img--100 mb-3\">\n                                <div class=\"row m-0 g-0\">                         <div class=\"col-5 col-md-5 col-lg-5\">\n                                    <div class=\"thumbnail_img_overlay_9024\"> <img decoding=\"async\" src=\"https:\/\/www.manquecura.cl\/valle-lo-campino\/wp-content\/uploads\/sites\/40\/2025\/02\/5.svg\" class=\"img-fluid rounded-start\" alt=\"...\"><\/div>\n                                  <\/div>                        <div class=\"col-7 col-md-7 col-lg-7\">\n                                    <div class=\"card-body\">\n                                        <div class=\"component\" data-bs-toggle=\"modal\" data-bs-target=\"#classmodal9580\">\n                                           <a href=\"\" class=\"body-large-bold\">Ecolog\u00eda y Sustentabilidad<\/a>\n                                        <\/div>\n                                        <div class=\"component m-0\"><\/div>                              <div class=\"modal-overlay sm--modal link\" data-bs-toggle=\"modal\" data-bs-target=\"#classmodal9580\">\n                                            <button class=\"btn btn-link\" title=\"Student journey popup link\"><i class=\"fa fa-plus\"><\/i><\/button>\n                                        <\/div>                           <\/div>\n                                  <\/div>\n                                <\/div>\n                            <\/div>\n                        <\/div><div class=\"col-sm-12 col-md-6 col-lg-4\">\n                            <div class=\"card horizontal--card horizontal--card-sm img--100 mb-3\">\n                                <div class=\"row m-0 g-0\">                         <div class=\"col-5 col-md-5 col-lg-5\">\n                                    <div class=\"thumbnail_img_overlay_2949\"> <img decoding=\"async\" src=\"https:\/\/www.manquecura.cl\/valle-lo-campino\/wp-content\/uploads\/sites\/40\/2025\/02\/6.svg\" class=\"img-fluid rounded-start\" alt=\"...\"><\/div>\n                                  <\/div>                        <div class=\"col-7 col-md-7 col-lg-7\">\n                                    <div class=\"card-body\">\n                                        <div class=\"component\" data-bs-toggle=\"modal\" data-bs-target=\"#classmodal3319\">\n                                           <a href=\"\" class=\"body-large-bold\">Educaci\u00f3n Financiera<\/a>\n                                        <\/div>\n                                        <div class=\"component m-0\"><\/div>                              <div class=\"modal-overlay sm--modal link\" data-bs-toggle=\"modal\" data-bs-target=\"#classmodal3319\">\n                                            <button class=\"btn btn-link\" title=\"Student journey popup link\"><i class=\"fa fa-plus\"><\/i><\/button>\n                                        <\/div>                           <\/div>\n                                  <\/div>\n                                <\/div>\n                            <\/div>\n                        <\/div><div class=\"col-sm-12 col-md-6 col-lg-4\">\n                            <div class=\"card horizontal--card horizontal--card-sm img--100 mb-3\">\n                                <div class=\"row m-0 g-0\">                         <div class=\"col-5 col-md-5 col-lg-5\">\n                                    <div class=\"thumbnail_img_overlay_3575\"> <img decoding=\"async\" src=\"https:\/\/www.manquecura.cl\/valle-lo-campino\/wp-content\/uploads\/sites\/40\/2025\/02\/3.svg\" class=\"img-fluid rounded-start\" alt=\"...\"><\/div>\n                                  <\/div>                        <div class=\"col-7 col-md-7 col-lg-7\">\n                                    <div class=\"card-body\">\n                                        <div class=\"component\" data-bs-toggle=\"modal\" data-bs-target=\"#classmodal4150\">\n                                           <a href=\"\" class=\"body-large-bold\">L\u00edderes del ma\u00f1ana<\/a>\n                                        <\/div>\n                                        <div class=\"component m-0\"><\/div>                              <div class=\"modal-overlay sm--modal link\" data-bs-toggle=\"modal\" data-bs-target=\"#classmodal4150\">\n                                            <button class=\"btn btn-link\" title=\"Student journey popup link\"><i class=\"fa fa-plus\"><\/i><\/button>\n                                        <\/div>                           <\/div>\n                                  <\/div>\n                                <\/div>\n                            <\/div>\n                        <\/div><div class=\"col-sm-12 col-md-6 col-lg-4\">\n                            <div class=\"card horizontal--card horizontal--card-sm img--100 mb-3\">\n                                <div class=\"row m-0 g-0\">                         <div class=\"col-5 col-md-5 col-lg-5\">\n                                    <div class=\"thumbnail_img_overlay_2424\"> <img decoding=\"async\" src=\"https:\/\/www.manquecura.cl\/valle-lo-campino\/wp-content\/uploads\/sites\/40\/2025\/02\/2.svg\" class=\"img-fluid rounded-start\" alt=\"...\"><\/div>\n                                  <\/div>                        <div class=\"col-7 col-md-7 col-lg-7\">\n                                    <div class=\"card-body\">\n                                        <div class=\"component\" data-bs-toggle=\"modal\" data-bs-target=\"#classmodal3568\">\n                                           <a href=\"\" class=\"body-large-bold\">Emprendimiento Empresarial<\/a>\n                                        <\/div>\n                                        <div class=\"component m-0\"><\/div>                              <div class=\"modal-overlay sm--modal link\" data-bs-toggle=\"modal\" data-bs-target=\"#classmodal3568\">\n                                            <button class=\"btn btn-link\" title=\"Student journey popup link\"><i class=\"fa fa-plus\"><\/i><\/button>\n                                        <\/div>                           <\/div>\n                                  <\/div>\n                                <\/div>\n                            <\/div>\n                        <\/div>          <\/div>\n                <\/div>\n            <\/section><\/div><div class=\"modal fade booking-modal extra--padding mob-P-0 show\" id=\"classmodal8762\" data-bs-backdrop=\"static\" data-bs-keyboard=\"false\" tabindex=\"-1\" aria-labelledby=\"staticBackdropLabel\" style=\"display: none;\" aria-modal=\"true\" role=\"dialog\">\n                                    <div class=\"modal-dialog modal-lg\">\n                                    <div class=\"modal-content section--white\">\n                                        <div class=\"modal-body\">\n                                            <button type=\"button\" class=\"btn-close\" data-bs-dismiss=\"modal\" aria-label=\"Close\"><i class=\"fa fa-times\"><\/i><\/button>\n                                            <div class=\"row m-0\">\n                                                <div class=\"col-md-6 col-lg-6 order-2 order-md-1 px-3 px-md-0 pt-4 pt-md-0\">\n                                                    <div class=\"col-md-12 col-lg-12\">\n                                                        <div class=\"component link\">                  <\/div>\n                                                        <div class=\"sub-heading component mt-0\">                <p class=\"body-small\"><b>Seguridad Vial<\/b><\/p>               <\/div>\n                                                    <\/div>           <div class=\"component list p-0\">\n                                                        <ul class=\"single-list\">                       <li>Este programa est\u00e1 enfocado principalmente en la educaci\u00f3n vial, que incluye un conjunto de conocimientos que ayudan al usuario de las v\u00edas y medios de transporte a desarrollar habilidades como peat\u00f3n, pasajero y conductor. <br><br> El objetivo general es reducir, a trav\u00e9s de la adquisici\u00f3n de conocimientos y habilidades preventivas, los accidentes viales que involucran a los ni\u00f1os y j\u00f3venes que transitan las calles del pa\u00eds. <\/li>        <\/ul>\n                                                    <\/div>\n                                                    <div class=\"component link pt-3\">           <\/div>\n                                                <\/div>\n                                                <div class=\"col-md-6 col-lg-6 order-1 order-md-2 p-0 p-md-3\">\n                                                    <div class=\"img-sec\">\n                                                        <div class=\"component\">\n                                                            <div class=\"modal_image_ite7948 callout-img map--img leftBottom-content\" style=\"background-image: url(https:\/\/www.manquecura.cl\/valle-lo-campino\/wp-content\/uploads\/sites\/40\/2025\/02\/Manquecura-151.jpg);background-position:center;\">\n                                                            <\/div>\n                                                            <\/div>\n                                                        <\/div>\n                                                        \n                                                    <\/div>\n                                                <\/div>\n                                            <\/div>\n\n                                            \n                                        <\/div>\n                                    <\/div>\n                                    <\/div><div class=\"modal fade booking-modal extra--padding mob-P-0 show\" id=\"classmodal8775\" data-bs-backdrop=\"static\" data-bs-keyboard=\"false\" tabindex=\"-1\" aria-labelledby=\"staticBackdropLabel\" style=\"display: none;\" aria-modal=\"true\" role=\"dialog\">\n                                    <div class=\"modal-dialog modal-lg\">\n                                    <div class=\"modal-content section--white\">\n                                        <div class=\"modal-body\">\n                                            <button type=\"button\" class=\"btn-close\" data-bs-dismiss=\"modal\" aria-label=\"Close\"><i class=\"fa fa-times\"><\/i><\/button>\n                                            <div class=\"row m-0\">\n                                                <div class=\"col-md-6 col-lg-6 order-2 order-md-1 px-3 px-md-0 pt-4 pt-md-0\">\n                                                    <div class=\"col-md-12 col-lg-12\">\n                                                        <div class=\"component link\">                  <\/div>\n                                                        <div class=\"sub-heading component mt-0\">                <p class=\"body-small\"><b>Nutrici\u00f3n y Vida Saludable<\/b><\/p>               <\/div>\n                                                    <\/div>           <div class=\"component list p-0\">\n                                                        <ul class=\"single-list\">                       <li>El programa busca empoderar a nuestros estudiantes para que sean protagonistas de su salud a trav\u00e9s de la promoci\u00f3n de h\u00e1bitos saludables, con el fin de aportar a la disminuci\u00f3n de los \u00edndices de obesidad y sobrepeso de nuestro pa\u00eds. <\/li>        <\/ul>\n                                                    <\/div>\n                                                    <div class=\"component link pt-3\">           <\/div>\n                                                <\/div>\n                                                <div class=\"col-md-6 col-lg-6 order-1 order-md-2 p-0 p-md-3\">\n                                                    <div class=\"img-sec\">\n                                                        <div class=\"component\">\n                                                            <div class=\"modal_image_ite3402 callout-img map--img leftBottom-content\" style=\"background-image: url(https:\/\/www.manquecura.cl\/valle-lo-campino\/wp-content\/uploads\/sites\/40\/2025\/02\/Manquecura-122.jpg);background-position:center;\">\n                                                            <\/div>\n                                                            <\/div>\n                                                        <\/div>\n                                                        \n                                                    <\/div>\n                                                <\/div>\n                                            <\/div>\n\n                                            \n                                        <\/div>\n                                    <\/div>\n                                    <\/div><div class=\"modal fade booking-modal extra--padding mob-P-0 show\" id=\"classmodal9580\" data-bs-backdrop=\"static\" data-bs-keyboard=\"false\" tabindex=\"-1\" aria-labelledby=\"staticBackdropLabel\" style=\"display: none;\" aria-modal=\"true\" role=\"dialog\">\n                                    <div class=\"modal-dialog modal-lg\">\n                                    <div class=\"modal-content section--white\">\n                                        <div class=\"modal-body\">\n                                            <button type=\"button\" class=\"btn-close\" data-bs-dismiss=\"modal\" aria-label=\"Close\"><i class=\"fa fa-times\"><\/i><\/button>\n                                            <div class=\"row m-0\">\n                                                <div class=\"col-md-6 col-lg-6 order-2 order-md-1 px-3 px-md-0 pt-4 pt-md-0\">\n                                                    <div class=\"col-md-12 col-lg-12\">\n                                                        <div class=\"component link\">                  <\/div>\n                                                        <div class=\"sub-heading component mt-0\">                <p class=\"body-small\"><b>Ecolog\u00eda y Sustentabilidad<\/b><\/p>               <\/div>\n                                                    <\/div>           <div class=\"component list p-0\">\n                                                        <ul class=\"\">                       <li>La red COGNITA Chile se adhiere al Sistema Nacional de Certificaci\u00f3n Ambiental (SNCAE), el cual promueve la educaci\u00f3n ambiental para crear conciencia sobre la protecci\u00f3n del medio ambiente y el desarrollo sostenible. <\/li>                       <li>Adem\u00e1s, se incluye esta tem\u00e1tica en el curr\u00edculum, se incorporan pr\u00e1cticas ambientales y se establecen alianzas para promover la educaci\u00f3n ambiental.  <\/li>        <\/ul>\n                                                    <\/div>\n                                                    <div class=\"component link pt-3\">           <\/div>\n                                                <\/div>\n                                                <div class=\"col-md-6 col-lg-6 order-1 order-md-2 p-0 p-md-3\">\n                                                    <div class=\"img-sec\">\n                                                        <div class=\"component\">\n                                                            <div class=\"modal_image_ite5336 callout-img map--img leftBottom-content\" style=\"background-image: url(https:\/\/www.manquecura.cl\/valle-lo-campino\/wp-content\/uploads\/sites\/40\/2025\/02\/Manquecura-171.jpg);background-position:center;\">\n                                                            <\/div>\n                                                            <\/div>\n                                                        <\/div>\n                                                        \n                                                    <\/div>\n                                                <\/div>\n                                            <\/div>\n\n                                            \n                                        <\/div>\n                                    <\/div>\n                                    <\/div><div class=\"modal fade booking-modal extra--padding mob-P-0 show\" id=\"classmodal3319\" data-bs-backdrop=\"static\" data-bs-keyboard=\"false\" tabindex=\"-1\" aria-labelledby=\"staticBackdropLabel\" style=\"display: none;\" aria-modal=\"true\" role=\"dialog\">\n                                    <div class=\"modal-dialog modal-lg\">\n                                    <div class=\"modal-content section--white\">\n                                        <div class=\"modal-body\">\n                                            <button type=\"button\" class=\"btn-close\" data-bs-dismiss=\"modal\" aria-label=\"Close\"><i class=\"fa fa-times\"><\/i><\/button>\n                                            <div class=\"row m-0\">\n                                                <div class=\"col-md-6 col-lg-6 order-2 order-md-1 px-3 px-md-0 pt-4 pt-md-0\">\n                                                    <div class=\"col-md-12 col-lg-12\">\n                                                        <div class=\"component link\">                  <\/div>\n                                                        <div class=\"sub-heading component mt-0\">                <p class=\"body-small\"><b>Educaci\u00f3n Financiera<\/b><\/p>               <\/div>\n                                                    <\/div>           <div class=\"component list p-0\">\n                                                        <ul class=\"single-list\">                       <li>Nuestros estudiantes son actores sociales y econ\u00f3micos importantes, por lo que es crucial promover la responsabilidad y desarrollar habilidades de gesti\u00f3n financiera. <br> <br> Fomentar habilidades preventivas en el manejo de recursos financieros a una edad temprana puede disminuir la exposici\u00f3n a riesgos sociales y econ\u00f3micos. El programa busca promover una cultura financiera positiva para empoderar a los estudiantes como ciudadanos capaces de tomar decisiones informadas. <\/li>        <\/ul>\n                                                    <\/div>\n                                                    <div class=\"component link pt-3\">           <\/div>\n                                                <\/div>\n                                                <div class=\"col-md-6 col-lg-6 order-1 order-md-2 p-0 p-md-3\">\n                                                    <div class=\"img-sec\">\n                                                        <div class=\"component\">\n                                                            <div class=\"modal_image_ite5306 callout-img map--img leftBottom-content\" style=\"background-image: url(https:\/\/www.manquecura.cl\/valle-lo-campino\/wp-content\/uploads\/sites\/40\/2025\/02\/Manquecura-141.jpg);background-position:center;\">\n                                                            <\/div>\n                                                            <\/div>\n                                                        <\/div>\n                                                        \n                                                    <\/div>\n                                                <\/div>\n                                            <\/div>\n\n                                            \n                                        <\/div>\n                                    <\/div>\n                                    <\/div><div class=\"modal fade booking-modal extra--padding mob-P-0 show\" id=\"classmodal4150\" data-bs-backdrop=\"static\" data-bs-keyboard=\"false\" tabindex=\"-1\" aria-labelledby=\"staticBackdropLabel\" style=\"display: none;\" aria-modal=\"true\" role=\"dialog\">\n                                    <div class=\"modal-dialog modal-lg\">\n                                    <div class=\"modal-content section--white\">\n                                        <div class=\"modal-body\">\n                                            <button type=\"button\" class=\"btn-close\" data-bs-dismiss=\"modal\" aria-label=\"Close\"><i class=\"fa fa-times\"><\/i><\/button>\n                                            <div class=\"row m-0\">\n                                                <div class=\"col-md-6 col-lg-6 order-2 order-md-1 px-3 px-md-0 pt-4 pt-md-0\">\n                                                    <div class=\"col-md-12 col-lg-12\">\n                                                        <div class=\"component link\">                  <\/div>\n                                                        <div class=\"sub-heading component mt-0\">                <p class=\"body-small\"><b>L\u00edderes del ma\u00f1ana<\/b><\/p>               <\/div>\n                                                    <\/div>           <div class=\"component list p-0\">\n                                                        <ul class=\"\">                       <li>Este programa est\u00e1 dise\u00f1ado para estudiantes de II medio (15-16 a\u00f1os), que quieren potenciar su desarrollo personal y convertirse en aut\u00e9nticos l\u00edderes, a trav\u00e9s de herramientas esenciales como el autoliderazgo, la proactividad y la comunicaci\u00f3n efectiva. <\/li>                       <li>  Si su hijo forma parte de este programa, tendr\u00e1 una experiencia transformadora que lo ayudar\u00e1 a descubrir su prop\u00f3sito en la vida, tomar decisiones con seguridad y alcanzar sus metas.   <\/li>        <\/ul>\n                                                    <\/div>\n                                                    <div class=\"component link pt-3\">           <\/div>\n                                                <\/div>\n                                                <div class=\"col-md-6 col-lg-6 order-1 order-md-2 p-0 p-md-3\">\n                                                    <div class=\"img-sec\">\n                                                        <div class=\"component\">\n                                                            <div class=\"modal_image_ite3575 callout-img map--img leftBottom-content\" style=\"background-image: url(https:\/\/www.manquecura.cl\/valle-lo-campino\/wp-content\/uploads\/sites\/40\/2025\/02\/Manquecura-Nunoa-166.jpg);background-position:center;\">\n                                                            <\/div>\n                                                            <\/div>\n                                                        <\/div>\n                                                        \n                                                    <\/div>\n                                                <\/div>\n                                            <\/div>\n\n                                            \n                                        <\/div>\n                                    <\/div>\n                                    <\/div><div class=\"modal fade booking-modal extra--padding mob-P-0 show\" id=\"classmodal3568\" data-bs-backdrop=\"static\" data-bs-keyboard=\"false\" tabindex=\"-1\" aria-labelledby=\"staticBackdropLabel\" style=\"display: none;\" aria-modal=\"true\" role=\"dialog\">\n                                    <div class=\"modal-dialog modal-lg\">\n                                    <div class=\"modal-content section--white\">\n                                        <div class=\"modal-body\">\n                                            <button type=\"button\" class=\"btn-close\" data-bs-dismiss=\"modal\" aria-label=\"Close\"><i class=\"fa fa-times\"><\/i><\/button>\n                                            <div class=\"row m-0\">\n                                                <div class=\"col-md-6 col-lg-6 order-2 order-md-1 px-3 px-md-0 pt-4 pt-md-0\">\n                                                    <div class=\"col-md-12 col-lg-12\">\n                                                        <div class=\"component link\">                  <\/div>\n                                                        <div class=\"sub-heading component mt-0\">                <p class=\"body-small\"><b>Emprendimiento Empresarial<\/b><\/p>               <\/div>\n                                                    <\/div>           <div class=\"component list p-0\">\n                                                        <ul class=\"\">                       <li>Este programa est\u00e1 dise\u00f1ado para estudiantes de III medio (16-17 a\u00f1os) que buscan dar un giro decisivo a su futuro. Les brindamos las herramientas fundamentales para convertir sus ideas en emprendimientos viables.  <\/li>                       <li> Desde un enfoque pr\u00e1ctico y din\u00e1mico, el estudiante aprender\u00e1 a identificar oportunidades, superar desaf\u00edos y tomar decisiones con confianza, desarrollando habilidades clave.  <\/li>        <\/ul>\n                                                    <\/div>\n                                                    <div class=\"component link pt-3\">           <\/div>\n                                                <\/div>\n                                                <div class=\"col-md-6 col-lg-6 order-1 order-md-2 p-0 p-md-3\">\n                                                    <div class=\"img-sec\">\n                                                        <div class=\"component\">\n                                                            <div class=\"modal_image_ite7531 callout-img map--img leftBottom-content\" style=\"background-image: url(https:\/\/www.manquecura.cl\/valle-lo-campino\/wp-content\/uploads\/sites\/40\/2025\/02\/Manquecura-232.jpg);background-position:center;\">\n                                                            <\/div>\n                                                            <\/div>\n                                                        <\/div>\n                                                        \n                                                    <\/div>\n                                                <\/div>\n                                            <\/div>\n\n                                            \n                                        <\/div>\n                                    <\/div>\n                                    <\/div>[\/vc_column][\/vc_row][vc_row css_animation=&#8221;fadeIn&#8221; el_class=&#8221;gradient2&#8243; css=&#8221;.vc_custom_1732194714892{margin-bottom: 0px !important;background: #FFFFFF url(https:\/\/www.manquecuranunoa.cl\/wp-content\/uploads\/sites\/38\/2024\/11\/Diseno-sin-titulo-12.png?id=122994) !important;background-position: center !important;background-repeat: no-repeat !important;background-size: cover !important;}&#8221;][vc_column]<section  style='margin-top:80px;margin-bottom:80px;' class=\"section      white-section\"><div class=\"container-fluid\"><div class=\"row m-0 align-items-center centerText \" >\n                        <div class=\"col-sm-12 col-md-10 col-lg-9 mx-auto\"><div class=\"sub-heading component\">\n                                        <h2 class=\"h5\">Ven a nuestros tours de visita<\/h2>\n                                    <\/div><div class=\"sub-heading component\"><p style=\"text-align: center\">Descubre el Colegio Manquecura Valle Lo Campino<\/p>\n<\/div><div class=\"flex-button\"><\/div><style>\n                        .flex-button {\n                        margin-top: 25px;\n                    } \n                        \n                    @media (max-width: 767px){\n                     .flex-button {\n                      display: block;\n                      margin-left: 0;\n                    }\n                    .flex-button .text-center{\n                     text-align: left !important;\n                    }\n                    }\n\n\n                        <\/style><\/div><\/div><\/section>[\/vc_column][\/vc_row][vc_row css=&#8221;.vc_custom_1732303111985{background-color: #E9F0F5 !important;}&#8221; el_class=&#8221;linear-gradient-primary&#8221;][vc_column]<style>\n\t\t\t\t\t\t.linkcard-override .card--bordered {\n\t\t\t\t\t\t\tborder-color: #FFFFFF !important;\n\t\t\t\t\t\t\ttransition: color .15s ease-in-out,\n\t\t\t\t\t\t\t\t\t\tbackground-color .15s ease-in-out,\n\t\t\t\t\t\t\t\t\t\tborder-color .15s ease-in-out,\n\t\t\t\t\t\t\t\t\t\tbox-shadow .15s ease-in-out;\n\t\t\t\t\t\t}\n\t\t\t\t\t\t.linkcard-override .btn-link {color: #FFFFFF !important;}\n\t\t\t\t\t\t.linkcard-override .card--bordered:hover { border-color: #DD9933 !important;}\n\t\t\t\t\t\t.linkcard-override .card--bordered:hover .btn-link {color: #DD9933 !important}\n\t\t\t\t\t\t.linkcard-override .btn-link:hover {color: #FFFFFF !important;}\n\t\t\t\t\t<\/style><section class=\"section section--blue bottom-step TopBottomBorder   \" style=\"background-image: url('');;;\"><div class=\"container-fluid\"><div class=\"row\"><div class=\"col-sm-12\"><div class=\"component title\"><p class=\"body-small\">Quiz\u00e1s le interese<\/p><\/div><\/div><\/div><div class=\"row\"><div class=\"col-md-4\"><div class=\"component linkcard linkcard-override\">\n                                <a class=\"card card--bordered\" href=\"\/valle-lo-campino\/admision\/contacto\/\">\n                                    <div class=\"card-body d-flex align-items-center\">\n                                    <div> <div class=\"component link\">\n                                            <div  class=\"btn btn-link simple-link h5\">Cont\u00e1ctanos<\/div>\n                                        <\/div><\/div><\/div><\/a><\/div><\/div><div class=\"col-md-4\"><div class=\"component linkcard linkcard-override\">\n                                <a class=\"card card--bordered\" href=\"https:\/\/landing.manquecura.cl\/valle-lo-campino-admision\">\n                                    <div class=\"card-body d-flex align-items-center\">\n                                    <div> <div class=\"component link\">\n                                            <div  class=\"btn btn-link simple-link h5\">Postule Aqu\u00ed<\/div>\n                                        <\/div><\/div><\/div><\/a><\/div><\/div><div class=\"col-md-4\"><div class=\"component linkcard linkcard-override\">\n                                <a class=\"card card--bordered\" href=\"\/valle-lo-campino\/admision\/proceso-de-admision\/\">\n                                    <div class=\"card-body d-flex align-items-center\">\n                                    <div> <div class=\"component link\">\n                                            <div  class=\"btn btn-link simple-link h5\">Ven a Conocernos<\/div>\n                                        <\/div><\/div><\/div><\/a><\/div><\/div><\/div><\/section>[\/vc_column][\/vc_row]<\/p>\n<\/div>","protected":false},"excerpt":{"rendered":"<p>[vc_row][vc_column][\/vc_column][\/vc_row][vc_row][vc_column][\/vc_column][\/vc_row][vc_row css=&#8221;.vc_custom_1732709222739{background-position: center !important;background-repeat: no-repeat !important;background-size: cover !important;}&#8221; el_class=&#8221;linear-gradient-primary&#8221; el_id=&#8221;openday&#8221;][vc_column][\/vc_column][\/vc_row][vc_row css=&#8221;.vc_custom_1732709264079{background-color: #E9F0F5 !important;}&#8221; el_id=&#8221;charlas&#8221;][vc_column][\/vc_column][\/vc_row][vc_row el_id=&#8221;pilares-fudamentales&#8221; el_class=&#8221;no-modal-list&#8221; css=&#8221;.vc_custom_1737465676291{background-color: #022E55 !important;}&#8221;][vc_column css=&#8221;.vc_custom_1737465612893{background-color: #022E55 !important;}&#8221;][\/vc_column][\/vc_row][vc_row css=&#8221;.vc_custom_1739372250828{margin-top: 5px !important;background-position: center !important;background-repeat: no-repeat !important;background-size: cover !important;}&#8221; el_id=&#8221;programas-sello&#8221; el_class=&#8221;no-modal-list&#8221;][vc_column][\/vc_column][\/vc_row][vc_row css_animation=&#8221;fadeIn&#8221; el_class=&#8221;gradient2&#8243; css=&#8221;.vc_custom_1732194714892{margin-bottom: 0px !important;background: #FFFFFF url(https:\/\/www.manquecuranunoa.cl\/wp-content\/uploads\/sites\/38\/2024\/11\/Diseno-sin-titulo-12.png?id=122994) !important;background-position: center !important;background-repeat: no-repeat !important;background-size: cover !important;}&#8221;][vc_column][\/vc_column][\/vc_row][vc_row css=&#8221;.vc_custom_1732303111985{background-color: #E9F0F5 !important;}&#8221; el_class=&#8221;linear-gradient-primary&#8221;][vc_column][\/vc_column][\/vc_row]<\/p>\n","protected":false},"author":14,"featured_media":0,"parent":121463,"menu_order":0,"comment_status":"closed","ping_status":"closed","template":"","meta":{"_acf_changed":false,"content-type":"","footnotes":""},"class_list":["post-121465","page","type-page","status-publish","hentry"],"acf":[],"yoast_head":"<!-- This site is optimized with the Yoast SEO plugin v27.1.1 - https:\/\/yoast.com\/product\/yoast-seo-wordpress\/ -->\n<title>Con\u00f3cenos - Colegio Manquecura Valle Lo Campino<\/title>\n<meta name=\"robots\" content=\"index, follow, max-snippet:-1, max-image-preview:large, max-video-preview:-1\" \/>\n<link rel=\"canonical\" href=\"https:\/\/www.manquecura.cl\/valle-lo-campino\/admision\/conocenos\/\" \/>\n<meta property=\"og:locale\" content=\"es_ES\" \/>\n<meta property=\"og:type\" content=\"article\" \/>\n<meta property=\"og:title\" content=\"Con\u00f3cenos - Colegio Manquecura Valle Lo Campino\" \/>\n<meta property=\"og:description\" content=\"[vc_row][vc_column][\/vc_column][\/vc_row][vc_row][vc_column][\/vc_column][\/vc_row][vc_row css=&#8221;.vc_custom_1732709222739{background-position: center !important;background-repeat: no-repeat !important;background-size: cover !important;}&#8221; el_class=&#8221;linear-gradient-primary&#8221; el_id=&#8221;openday&#8221;][vc_column][\/vc_column][\/vc_row][vc_row css=&#8221;.vc_custom_1732709264079{background-color: #E9F0F5 !important;}&#8221; el_id=&#8221;charlas&#8221;][vc_column][\/vc_column][\/vc_row][vc_row el_id=&#8221;pilares-fudamentales&#8221; el_class=&#8221;no-modal-list&#8221; css=&#8221;.vc_custom_1737465676291{background-color: #022E55 !important;}&#8221;][vc_column css=&#8221;.vc_custom_1737465612893{background-color: #022E55 !important;}&#8221;][\/vc_column][\/vc_row][vc_row css=&#8221;.vc_custom_1739372250828{margin-top: 5px !important;background-position: center !important;background-repeat: no-repeat !important;background-size: cover !important;}&#8221; el_id=&#8221;programas-sello&#8221; el_class=&#8221;no-modal-list&#8221;][vc_column][\/vc_column][\/vc_row][vc_row css_animation=&#8221;fadeIn&#8221; el_class=&#8221;gradient2&#8243; css=&#8221;.vc_custom_1732194714892{margin-bottom: 0px !important;background: #FFFFFF url(https:\/\/www.manquecuranunoa.cl\/wp-content\/uploads\/sites\/38\/2024\/11\/Diseno-sin-titulo-12.png?id=122994) !important;background-position: center !important;background-repeat: no-repeat !important;background-size: cover !important;}&#8221;][vc_column][\/vc_column][\/vc_row][vc_row css=&#8221;.vc_custom_1732303111985{background-color: #E9F0F5 !important;}&#8221; el_class=&#8221;linear-gradient-primary&#8221;][vc_column][\/vc_column][\/vc_row]\" \/>\n<meta property=\"og:url\" content=\"https:\/\/www.manquecura.cl\/valle-lo-campino\/admision\/conocenos\/\" \/>\n<meta property=\"og:site_name\" content=\"Colegio Manquecura Valle Lo Campino\" \/>\n<meta property=\"article:publisher\" content=\"http:\/\/www.facebook.com\/ColegiosManquecura\" \/>\n<meta property=\"article:modified_time\" content=\"2026-03-25T18:49:26+00:00\" \/>\n<meta name=\"twitter:card\" content=\"summary_large_image\" \/>\n<meta name=\"twitter:label1\" content=\"Tiempo de lectura\" \/>\n\t<meta name=\"twitter:data1\" content=\"1 minuto\" \/>\n<script type=\"application\/ld+json\" class=\"yoast-schema-graph\">{\"@context\":\"https:\/\/schema.org\",\"@graph\":[{\"@type\":\"WebPage\",\"@id\":\"https:\/\/www.manquecura.cl\/valle-lo-campino\/admision\/conocenos\/\",\"url\":\"https:\/\/www.manquecura.cl\/valle-lo-campino\/admision\/conocenos\/\",\"name\":\"Con\u00f3cenos - Colegio Manquecura Valle Lo Campino\",\"isPartOf\":{\"@id\":\"https:\/\/www.manquecura.cl\/valle-lo-campino\/#website\"},\"datePublished\":\"2024-09-12T20:09:19+00:00\",\"dateModified\":\"2026-03-25T18:49:26+00:00\",\"breadcrumb\":{\"@id\":\"https:\/\/www.manquecura.cl\/valle-lo-campino\/admision\/conocenos\/#breadcrumb\"},\"inLanguage\":\"es\",\"potentialAction\":[{\"@type\":\"ReadAction\",\"target\":[\"https:\/\/www.manquecura.cl\/valle-lo-campino\/admision\/conocenos\/\"]}]},{\"@type\":\"BreadcrumbList\",\"@id\":\"https:\/\/www.manquecura.cl\/valle-lo-campino\/admision\/conocenos\/#breadcrumb\",\"itemListElement\":[{\"@type\":\"ListItem\",\"position\":1,\"name\":\"Home\",\"item\":\"https:\/\/www.manquecura.cl\/valle-lo-campino\/\"},{\"@type\":\"ListItem\",\"position\":2,\"name\":\"Admisi\u00f3n\",\"item\":\"https:\/\/www.manquecura.cl\/valle-lo-campino\/admision\/\"},{\"@type\":\"ListItem\",\"position\":3,\"name\":\"Con\u00f3cenos\"}]},{\"@type\":\"WebSite\",\"@id\":\"https:\/\/www.manquecura.cl\/valle-lo-campino\/#website\",\"url\":\"https:\/\/www.manquecura.cl\/valle-lo-campino\/\",\"name\":\"Colegio Manquecura Valle Lo Campino\",\"description\":\"Parte de los Colegios Cognita\",\"publisher\":{\"@id\":\"https:\/\/www.manquecura.cl\/valle-lo-campino\/#organization\"},\"potentialAction\":[{\"@type\":\"SearchAction\",\"target\":{\"@type\":\"EntryPoint\",\"urlTemplate\":\"https:\/\/www.manquecura.cl\/valle-lo-campino\/?s={search_term_string}\"},\"query-input\":{\"@type\":\"PropertyValueSpecification\",\"valueRequired\":true,\"valueName\":\"search_term_string\"}}],\"inLanguage\":\"es\"},{\"@type\":\"Organization\",\"@id\":\"https:\/\/www.manquecura.cl\/valle-lo-campino\/#organization\",\"name\":\"Colegio Manquecura Valle Lo Campino\",\"url\":\"https:\/\/www.manquecura.cl\/valle-lo-campino\/\",\"logo\":{\"@type\":\"ImageObject\",\"inLanguage\":\"es\",\"@id\":\"https:\/\/www.manquecura.cl\/valle-lo-campino\/#\/schema\/logo\/image\/\",\"url\":\"https:\/\/www.manquecura.cl\/valle-lo-campino\/wp-content\/uploads\/sites\/40\/2025\/02\/logo_Manquecura_Valle-Lo-Campino_horizontal_color.webp\",\"contentUrl\":\"https:\/\/www.manquecura.cl\/valle-lo-campino\/wp-content\/uploads\/sites\/40\/2025\/02\/logo_Manquecura_Valle-Lo-Campino_horizontal_color.webp\",\"width\":400,\"height\":119,\"caption\":\"Colegio Manquecura Valle Lo Campino\"},\"image\":{\"@id\":\"https:\/\/www.manquecura.cl\/valle-lo-campino\/#\/schema\/logo\/image\/\"},\"sameAs\":[\"http:\/\/www.facebook.com\/ColegiosManquecura\",\"http:\/\/www.instagram.com\/manquecura_vallelocampino\/\",\"http:\/\/www.youtube.com\/c\/CognitaChile\"]}]}<\/script>\n<!-- \/ Yoast SEO plugin. -->","yoast_head_json":{"title":"Con\u00f3cenos - Colegio Manquecura Valle Lo Campino","robots":{"index":"index","follow":"follow","max-snippet":"max-snippet:-1","max-image-preview":"max-image-preview:large","max-video-preview":"max-video-preview:-1"},"canonical":"https:\/\/www.manquecura.cl\/valle-lo-campino\/admision\/conocenos\/","og_locale":"es_ES","og_type":"article","og_title":"Con\u00f3cenos - Colegio Manquecura Valle Lo Campino","og_description":"[vc_row][vc_column][\/vc_column][\/vc_row][vc_row][vc_column][\/vc_column][\/vc_row][vc_row css=&#8221;.vc_custom_1732709222739{background-position: center !important;background-repeat: no-repeat !important;background-size: cover !important;}&#8221; el_class=&#8221;linear-gradient-primary&#8221; el_id=&#8221;openday&#8221;][vc_column][\/vc_column][\/vc_row][vc_row css=&#8221;.vc_custom_1732709264079{background-color: #E9F0F5 !important;}&#8221; el_id=&#8221;charlas&#8221;][vc_column][\/vc_column][\/vc_row][vc_row el_id=&#8221;pilares-fudamentales&#8221; el_class=&#8221;no-modal-list&#8221; css=&#8221;.vc_custom_1737465676291{background-color: #022E55 !important;}&#8221;][vc_column css=&#8221;.vc_custom_1737465612893{background-color: #022E55 !important;}&#8221;][\/vc_column][\/vc_row][vc_row css=&#8221;.vc_custom_1739372250828{margin-top: 5px !important;background-position: center !important;background-repeat: no-repeat !important;background-size: cover !important;}&#8221; el_id=&#8221;programas-sello&#8221; el_class=&#8221;no-modal-list&#8221;][vc_column][\/vc_column][\/vc_row][vc_row css_animation=&#8221;fadeIn&#8221; el_class=&#8221;gradient2&#8243; css=&#8221;.vc_custom_1732194714892{margin-bottom: 0px !important;background: #FFFFFF url(https:\/\/www.manquecuranunoa.cl\/wp-content\/uploads\/sites\/38\/2024\/11\/Diseno-sin-titulo-12.png?id=122994) !important;background-position: center !important;background-repeat: no-repeat !important;background-size: cover !important;}&#8221;][vc_column][\/vc_column][\/vc_row][vc_row css=&#8221;.vc_custom_1732303111985{background-color: #E9F0F5 !important;}&#8221; el_class=&#8221;linear-gradient-primary&#8221;][vc_column][\/vc_column][\/vc_row]","og_url":"https:\/\/www.manquecura.cl\/valle-lo-campino\/admision\/conocenos\/","og_site_name":"Colegio Manquecura Valle Lo Campino","article_publisher":"http:\/\/www.facebook.com\/ColegiosManquecura","article_modified_time":"2026-03-25T18:49:26+00:00","twitter_card":"summary_large_image","twitter_misc":{"Tiempo de lectura":"1 minuto"},"schema":{"@context":"https:\/\/schema.org","@graph":[{"@type":"WebPage","@id":"https:\/\/www.manquecura.cl\/valle-lo-campino\/admision\/conocenos\/","url":"https:\/\/www.manquecura.cl\/valle-lo-campino\/admision\/conocenos\/","name":"Con\u00f3cenos - Colegio Manquecura Valle Lo Campino","isPartOf":{"@id":"https:\/\/www.manquecura.cl\/valle-lo-campino\/#website"},"datePublished":"2024-09-12T20:09:19+00:00","dateModified":"2026-03-25T18:49:26+00:00","breadcrumb":{"@id":"https:\/\/www.manquecura.cl\/valle-lo-campino\/admision\/conocenos\/#breadcrumb"},"inLanguage":"es","potentialAction":[{"@type":"ReadAction","target":["https:\/\/www.manquecura.cl\/valle-lo-campino\/admision\/conocenos\/"]}]},{"@type":"BreadcrumbList","@id":"https:\/\/www.manquecura.cl\/valle-lo-campino\/admision\/conocenos\/#breadcrumb","itemListElement":[{"@type":"ListItem","position":1,"name":"Home","item":"https:\/\/www.manquecura.cl\/valle-lo-campino\/"},{"@type":"ListItem","position":2,"name":"Admisi\u00f3n","item":"https:\/\/www.manquecura.cl\/valle-lo-campino\/admision\/"},{"@type":"ListItem","position":3,"name":"Con\u00f3cenos"}]},{"@type":"WebSite","@id":"https:\/\/www.manquecura.cl\/valle-lo-campino\/#website","url":"https:\/\/www.manquecura.cl\/valle-lo-campino\/","name":"Colegio Manquecura Valle Lo Campino","description":"Parte de los Colegios Cognita","publisher":{"@id":"https:\/\/www.manquecura.cl\/valle-lo-campino\/#organization"},"potentialAction":[{"@type":"SearchAction","target":{"@type":"EntryPoint","urlTemplate":"https:\/\/www.manquecura.cl\/valle-lo-campino\/?s={search_term_string}"},"query-input":{"@type":"PropertyValueSpecification","valueRequired":true,"valueName":"search_term_string"}}],"inLanguage":"es"},{"@type":"Organization","@id":"https:\/\/www.manquecura.cl\/valle-lo-campino\/#organization","name":"Colegio Manquecura Valle Lo Campino","url":"https:\/\/www.manquecura.cl\/valle-lo-campino\/","logo":{"@type":"ImageObject","inLanguage":"es","@id":"https:\/\/www.manquecura.cl\/valle-lo-campino\/#\/schema\/logo\/image\/","url":"https:\/\/www.manquecura.cl\/valle-lo-campino\/wp-content\/uploads\/sites\/40\/2025\/02\/logo_Manquecura_Valle-Lo-Campino_horizontal_color.webp","contentUrl":"https:\/\/www.manquecura.cl\/valle-lo-campino\/wp-content\/uploads\/sites\/40\/2025\/02\/logo_Manquecura_Valle-Lo-Campino_horizontal_color.webp","width":400,"height":119,"caption":"Colegio Manquecura Valle Lo Campino"},"image":{"@id":"https:\/\/www.manquecura.cl\/valle-lo-campino\/#\/schema\/logo\/image\/"},"sameAs":["http:\/\/www.facebook.com\/ColegiosManquecura","http:\/\/www.instagram.com\/manquecura_vallelocampino\/","http:\/\/www.youtube.com\/c\/CognitaChile"]}]}},"jetpack_sharing_enabled":true,"_links":{"self":[{"href":"https:\/\/www.manquecura.cl\/valle-lo-campino\/wp-json\/wp\/v2\/pages\/121465","targetHints":{"allow":["GET"]}}],"collection":[{"href":"https:\/\/www.manquecura.cl\/valle-lo-campino\/wp-json\/wp\/v2\/pages"}],"about":[{"href":"https:\/\/www.manquecura.cl\/valle-lo-campino\/wp-json\/wp\/v2\/types\/page"}],"author":[{"embeddable":true,"href":"https:\/\/www.manquecura.cl\/valle-lo-campino\/wp-json\/wp\/v2\/users\/14"}],"replies":[{"embeddable":true,"href":"https:\/\/www.manquecura.cl\/valle-lo-campino\/wp-json\/wp\/v2\/comments?post=121465"}],"version-history":[{"count":20,"href":"https:\/\/www.manquecura.cl\/valle-lo-campino\/wp-json\/wp\/v2\/pages\/121465\/revisions"}],"predecessor-version":[{"id":127736,"href":"https:\/\/www.manquecura.cl\/valle-lo-campino\/wp-json\/wp\/v2\/pages\/121465\/revisions\/127736"}],"up":[{"embeddable":true,"href":"https:\/\/www.manquecura.cl\/valle-lo-campino\/wp-json\/wp\/v2\/pages\/121463"}],"wp:attachment":[{"href":"https:\/\/www.manquecura.cl\/valle-lo-campino\/wp-json\/wp\/v2\/media?parent=121465"}],"curies":[{"name":"wp","href":"https:\/\/api.w.org\/{rel}","templated":true}]}}