{"version":"1.0","provider_name":"Colegio Manquecura Ciudad del Este","provider_url":"https:\/\/www.manquecura.cl\/ciudad-del-este","author_name":"jorgedelcampo","author_url":"https:\/\/www.manquecura.cl\/ciudad-del-este\/noticias\/author\/jorgedelcampo\/","title":"D\u00eda de la Matem\u00e1tica - Colegio Manquecura Ciudad del Este","type":"rich","width":600,"height":338,"html":"<blockquote class=\"wp-embedded-content\" data-secret=\"0mty44IUtP\"><a href=\"https:\/\/www.manquecura.cl\/ciudad-del-este\/noticias\/dia-de-la-matematica\/\">D\u00eda de la Matem\u00e1tica<\/a><\/blockquote><iframe sandbox=\"allow-scripts\" security=\"restricted\" src=\"https:\/\/www.manquecura.cl\/ciudad-del-este\/noticias\/dia-de-la-matematica\/embed\/#?secret=0mty44IUtP\" width=\"600\" height=\"338\" title=\"\u00abD\u00eda de la Matem\u00e1tica\u00bb \u2014 Colegio Manquecura Ciudad del Este\" data-secret=\"0mty44IUtP\" frameborder=\"0\" marginwidth=\"0\" marginheight=\"0\" scrolling=\"no\" class=\"wp-embedded-content\"><\/iframe><script type=\"text\/javascript\">\n\/* <![CDATA[ *\/\n\/*! This file is auto-generated *\/\n!function(d,l){\"use strict\";l.querySelector&&d.addEventListener&&\"undefined\"!=typeof URL&&(d.wp=d.wp||{},d.wp.receiveEmbedMessage||(d.wp.receiveEmbedMessage=function(e){var t=e.data;if((t||t.secret||t.message||t.value)&&!\/[^a-zA-Z0-9]\/.test(t.secret)){for(var s,r,n,a=l.querySelectorAll('iframe[data-secret=\"'+t.secret+'\"]'),o=l.querySelectorAll('blockquote[data-secret=\"'+t.secret+'\"]'),c=new RegExp(\"^https?:$\",\"i\"),i=0;i<o.length;i++)o[i].style.display=\"none\";for(i=0;i<a.length;i++)s=a[i],e.source===s.contentWindow&&(s.removeAttribute(\"style\"),\"height\"===t.message?(1e3<(r=parseInt(t.value,10))?r=1e3:~~r<200&&(r=200),s.height=r):\"link\"===t.message&&(r=new URL(s.getAttribute(\"src\")),n=new URL(t.value),c.test(n.protocol))&&n.host===r.host&&l.activeElement===s&&(d.top.location.href=t.value))}},d.addEventListener(\"message\",d.wp.receiveEmbedMessage,!1),l.addEventListener(\"DOMContentLoaded\",function(){for(var e,t,s=l.querySelectorAll(\"iframe.wp-embedded-content\"),r=0;r<s.length;r++)(t=(e=s[r]).getAttribute(\"data-secret\"))||(t=Math.random().toString(36).substring(2,12),e.src+=\"#?secret=\"+t,e.setAttribute(\"data-secret\",t)),e.contentWindow.postMessage({message:\"ready\",secret:t},\"*\")},!1)))}(window,document);\n\/\/# sourceURL=https:\/\/www.manquecura.cl\/ciudad-del-este\/wp-includes\/js\/wp-embed.min.js\n\/* ]]> *\/\n<\/script>\n","thumbnail_url":"https:\/\/www.manquecura.cl\/ciudad-del-este\/wp-content\/uploads\/sites\/41\/2023\/10\/dia-de-la-matematica-manquecura-ciudad-del-este.jpg?w=600","thumbnail_width":600,"thumbnail_height":375,"description":"Todos los ni\u00f1os y j\u00f3venes del nuestro colegio participaron en las actividades preparadas por el D\u00eda de la Matem\u00e1tica 2023, la que cont\u00f3 con todo tipo de juegos en su \u00e1rea, seg\u00fan niveles, para Play Group a IV Medio, siendo \u00e9stos \u00faltimos, adem\u00e1s, los organizadores de lo realizado en Educaci\u00f3n Parvularia. Tambi\u00e9n se desarrollaron las [&hellip;]"}