{"version":"1.0","provider_name":"Colegio Manquecura Ciudad del Este","provider_url":"https:\/\/www.manquecura.cl\/ciudad-del-este","author_name":"jorgedelcampo","author_url":"https:\/\/www.manquecura.cl\/ciudad-del-este\/noticias\/author\/jorgedelcampo\/","title":"Ceremonia de Premiaci\u00f3n Ense\u00f1anza B\u00e1sica - Colegio Manquecura Ciudad del Este","type":"rich","width":600,"height":338,"html":"<blockquote class=\"wp-embedded-content\" data-secret=\"Ji4Ofmfsy4\"><a href=\"https:\/\/www.manquecura.cl\/ciudad-del-este\/noticias\/ceremonia-de-premiacion-ensenanza-basica\/\">Ceremonia de Premiaci\u00f3n Ense\u00f1anza B\u00e1sica<\/a><\/blockquote><iframe sandbox=\"allow-scripts\" security=\"restricted\" src=\"https:\/\/www.manquecura.cl\/ciudad-del-este\/noticias\/ceremonia-de-premiacion-ensenanza-basica\/embed\/#?secret=Ji4Ofmfsy4\" width=\"600\" height=\"338\" title=\"\u00abCeremonia de Premiaci\u00f3n Ense\u00f1anza B\u00e1sica\u00bb \u2014 Colegio Manquecura Ciudad del Este\" data-secret=\"Ji4Ofmfsy4\" frameborder=\"0\" marginwidth=\"0\" marginheight=\"0\" scrolling=\"no\" class=\"wp-embedded-content\"><\/iframe><script type=\"text\/javascript\">\n\/* <![CDATA[ *\/\n\/*! This file is auto-generated *\/\n!function(d,l){\"use strict\";l.querySelector&&d.addEventListener&&\"undefined\"!=typeof URL&&(d.wp=d.wp||{},d.wp.receiveEmbedMessage||(d.wp.receiveEmbedMessage=function(e){var t=e.data;if((t||t.secret||t.message||t.value)&&!\/[^a-zA-Z0-9]\/.test(t.secret)){for(var s,r,n,a=l.querySelectorAll('iframe[data-secret=\"'+t.secret+'\"]'),o=l.querySelectorAll('blockquote[data-secret=\"'+t.secret+'\"]'),c=new RegExp(\"^https?:$\",\"i\"),i=0;i<o.length;i++)o[i].style.display=\"none\";for(i=0;i<a.length;i++)s=a[i],e.source===s.contentWindow&&(s.removeAttribute(\"style\"),\"height\"===t.message?(1e3<(r=parseInt(t.value,10))?r=1e3:~~r<200&&(r=200),s.height=r):\"link\"===t.message&&(r=new URL(s.getAttribute(\"src\")),n=new URL(t.value),c.test(n.protocol))&&n.host===r.host&&l.activeElement===s&&(d.top.location.href=t.value))}},d.addEventListener(\"message\",d.wp.receiveEmbedMessage,!1),l.addEventListener(\"DOMContentLoaded\",function(){for(var e,t,s=l.querySelectorAll(\"iframe.wp-embedded-content\"),r=0;r<s.length;r++)(t=(e=s[r]).getAttribute(\"data-secret\"))||(t=Math.random().toString(36).substring(2,12),e.src+=\"#?secret=\"+t,e.setAttribute(\"data-secret\",t)),e.contentWindow.postMessage({message:\"ready\",secret:t},\"*\")},!1)))}(window,document);\n\/\/# sourceURL=https:\/\/www.manquecura.cl\/ciudad-del-este\/wp-includes\/js\/wp-embed.min.js\n\/* ]]> *\/\n<\/script>\n","thumbnail_url":"https:\/\/www.manquecura.cl\/ciudad-del-este\/wp-content\/uploads\/sites\/41\/2022\/12\/premiaciones-ensenanza-basica-2022-manquecura-ciudad-del-este_-2.jpg?w=600","thumbnail_width":600,"thumbnail_height":375,"description":"Una hermosa Ceremonia de Premiaci\u00f3n tuvieron los estudiantes de Ense\u00f1anza B\u00e1sica, donde se celebr\u00f3 su destacado rendimiento del a\u00f1o, recibiendo premios tales como el M\u00e9rito Educativo, Premios al Mejor Compa\u00f1ero, Premio a la Excelencia Acad\u00e9mica, entre otros. La ceremonia cont\u00f3 adem\u00e1s destac\u00f3 a los alumnos que resaltan atributos personales y que sin ser necesariamente los [&hellip;]"}